{"id":119,"date":"2021-01-15T11:43:33","date_gmt":"2021-01-15T11:43:33","guid":{"rendered":"http:\/\/climate-adaptation.info\/?page_id=119"},"modified":"2025-08-21T09:00:41","modified_gmt":"2025-08-21T09:00:41","slug":"talks-panels","status":"publish","type":"page","link":"http:\/\/climate-adaptation.info\/?page_id=119","title":{"rendered":"Podcasts and Speaking Events"},"content":{"rendered":"\n<p class=\"has-luminous-vivid-orange-color has-text-color\"><strong>Podcasts:<\/strong><\/p>\n\n\n\n<p>Podcast, <a href=\"https:\/\/www.uni-bonn.de\/en\/news\/science-needs-facts-not-emotions\">Hypothese<\/a>, Uni Bonn, 6 March 2025<\/p>\n\n\n\n<p>Podcast, Update Klima &amp; Energie, June 2024 (in German)<\/p>\n\n\n\n<p>Podcast, <a href=\"https:\/\/open.spotify.com\/episode\/4mwM1Sfa831i6DpIlfgJyC\">Capital Musings: Women and Girls at the Climate Change Frontline<\/a>, January 2024<\/p>\n\n\n\n<p>Podcast, ClimateOptimists, October 2023<\/p>\n\n\n\n<p>Podcast, <a href=\"https:\/\/klimatpodden.se\/98-lisa-schipper-om-vi-inte-minskar-utslappen-kan-vi-inte-langre-anpassa-oss-till-klimatkrisen\">Klimatpodden, Avsnitt 98, 5 December 2022: Om vi inte minskar utsl\u00e4ppen kan vi inte l\u00e4ngre anpassa oss till klimatkrisen <\/a>(in Swedish)<\/p>\n\n\n\n<p>Podcast, <a href=\"https:\/\/www.greenpeace.org\/sweden\/agera\/greenpeace-podcast-systemskiftet\/\">Systemskiftet, Avsnitt 36<\/a>, 25 November 2022: Klimatarbete (in Swedish)<\/p>\n\n\n\n<p>Podcast, <a href=\"https:\/\/open.spotify.com\/show\/75h5TgKn9FT1A6j7CVeDOo\">Ready or Not Change is Coming, Episode 1: Connecting to Climate Reality<\/a>, 9 November 2022<\/p>\n\n\n\n<p>Podcast, ClimateGenn, \u2018<a href=\"https:\/\/www.youtube.com\/watch?v=vNcANXl_e7A\">Maladaptation: The Perils of Bad Climate Adaptation<\/a>\u2019, 4 August 2022\u00a0<\/p>\n\n\n\n<p>Podcast, ClimateOptimists, \u2018<a href=\"https:\/\/www.climateoptimists.co\/episodes\/climate-adaptation-a-beginners-guide\">Climate Adaptation: A Beginner\u2019s Guide<\/a>\u2019, Episode 48, 26 July 2022<\/p>\n\n\n\n<p>Podcast, Living Planet, Deutsche Welle, \u2018Climate Change Fuelling Gender Inquality\u2019, 16 June 2022&nbsp;<\/p>\n\n\n\n<p>Podcast, CarbonCopy, \u2018<a href=\"https:\/\/www.canarymedia.com\/podcasts\/the-carbon-copy\/why-maladaptation-is-getting-so-much-attention\">Why Maladaptation is getting so much attention<\/a>\u2019 22 March 2022<\/p>\n\n\n\n<p>Podcast, 30 Days of Activism, 3 March 2022, The Ecofeminist<\/p>\n\n\n\n<p>Podcast recording from TwitterLive with Eric Holthaus, 5 March 2022<\/p>\n\n\n\n<p>Podcast, \u2018<a href=\"https:\/\/open.spotify.com\/show\/0P8LH9ADjwGtJh3wcvpb4c\">Adaptation with Lisa Schipper<\/a>\u2019, Great Adaptations series, 15 January 2022\u00a0<\/p>\n\n\n\n<p>Podcast \u2018<a href=\"https:\/\/www.youtube.com\/watch?v=DJ8SDIl7uWs\">Vulnerability, Adaptation and Maladaptation to Climate Change\u2019 IOWC Podcast<\/a>, 23 July 2021\u00a0<\/p>\n\n\n\n<p class=\"has-black-color has-text-color\">IIED <a href=\"https:\/\/www.iied.org\/make-change-happen-podcast\">Make Change Happen<\/a> Podcast: The A Factor: Accountability for Locally-Led Adaptation, available <a href=\"https:\/\/www.iied.org\/factor-accountability-for-locally-led-adaptation-episode-2-podcast-mini-series\">here<\/a><\/p>\n\n\n\n<p class=\"has-black-color has-text-color\"><a href=\"https:\/\/www.cumberlandlodge.ac.uk\/read-watch-listen\/climate-futures-youth-perspectives-adaptation-and-eco-anxiety-podcast\">Adaptation and Eco-Anxiety<\/a>, Cumblerland Lodge youth perspectives session<\/p>\n\n\n\n<p class=\"has-vivid-red-color has-text-color\"><strong>Upcoming \/ 2025<\/strong> <strong>and beyond<\/strong><\/p>\n\n\n\n<ul class=\"wp-block-list\">\n<li>Panel Facilitator, <a href=\"https:\/\/www.accountableadaptation.org\/events\/accountable-adaptation-symposium\">Accountable Adaptation Symposium<\/a>, London [September 2025]<\/li>\n\n\n\n<li><strong>Keynote<\/strong> Speaker, <a href=\"https:\/\/futuremedaction.eu\/en\/\">FutureMed 1st General Assembly,<\/a> Crete [forthcoming, September]<\/li>\n\n\n\n<li><strong>Keynote<\/strong> Speaker, <a href=\"https:\/\/iiasa.ac.at\/events\/dec-2025\/inquimus-interactive-conference-centering-justice-in-climate-risk-management-for\" data-type=\"link\" data-id=\"https:\/\/iiasa.ac.at\/events\/dec-2025\/inquimus-interactive-conference-centering-justice-in-climate-risk-management-for\">IIASA INQUIMUS 2025<\/a>, Laxemburg [forthcoming, December]<\/li>\n\n\n\n<li><strong>Keynote<\/strong> Speaker,<a href=\"https:\/\/www.icrs26.org\/home\"> International Conference on Resilient Systems<\/a>, Delft [March 2026]<\/li>\n\n\n\n<li>Panellist, <strong>Global Turbulence and the Pursuit of Sustainability<\/strong>:\u00a0<strong>An International Conference<\/strong>, Manchester, [June 2026]<\/li>\n<\/ul>\n\n\n\n<p class=\"has-vivid-green-cyan-color has-text-color\"><strong>Past \/ 2025 and earlier<\/strong><\/p>\n\n\n\n<p><strong><em>2025<\/em><\/strong><\/p>\n\n\n\n<ul class=\"wp-block-list\">\n<li>Speaker, 17<sup>th<\/sup>\u00a0Research Dialogue, UNFCCC SBSTA 62, [Bonn, 17 June]<\/li>\n\n\n\n<li>Speaker, Australian Bureau of Meteorology, on science and emotions [online, 19 March]<\/li>\n\n\n\n<li>Speaker, The Nature Conservancy, Adaptation and misguided narratives [online, 4 February]<\/li>\n<\/ul>\n\n\n\n<p><strong><em>2024<\/em><\/strong><strong><\/strong><\/p>\n\n\n\n<ul class=\"wp-block-list\">\n<li>Speaker, Global Centre on Adaptation, \u2018Maladaptation\u2019 [online, 5 December]<\/li>\n\n\n\n<li>Speaker, Climate Resilience Webinar, \u2018Climate resilient development for all?\u2019 [29 November]<\/li>\n\n\n\n<li>Panellist, Deutsches Klima-Konsortium, \u2018Klima und Freiheit\u2018 [Berlin, 5 November]<\/li>\n\n\n\n<li>Panellist, ZEF 25-Anniversary conference, On doing impact research [Bonn, 1 October]<\/li>\n\n\n\n<li>Public Lecture, Approaching transformative policy and practice: lessons from adaptation, DIIS [Copenhagen, 5 September]<\/li>\n\n\n\n<li>Panellist, Law and Climate Change [Bonn, 2 June]<\/li>\n\n\n\n<li><strong>Keynote<\/strong> Speaker, Summer School in Augsburg [Augsburg, 20 May]<\/li>\n\n\n\n<li>Panel Member: Justice in Finance for Climate Change Adaptation and Loss and Damage [Berlin, 22 February]<\/li>\n\n\n\n<li>Panel Member: N\u00e4tverket f\u00f6r J\u00e4mst\u00e4lldhet i transportsektorn, Sweden, [online, 13 February]<\/li>\n<\/ul>\n\n\n\n<p><strong><em>2023<\/em><\/strong><\/p>\n\n\n\n<ul class=\"wp-block-list\">\n<li><strong>Inaugural Professorial Lecture<\/strong>: Dies Academicus, University of Bonn [Bonn, 6 December]<\/li>\n\n\n\n<li><strong>Keynote<\/strong>\u00a0Speaker: Assessing Adaptation Progress \u2013 Lessons from Africa, World Bank [Virtual, 21 November]<\/li>\n\n\n\n<li>Panel Member: Science-Policy Interface, ZEF [Bonn, 15 November]<\/li>\n\n\n\n<li><strong>Keynote<\/strong>\u00a0Speaker: Stockholm Resilience Centre event on Gender in Sustainability Science [Virtual, 15 November]<\/li>\n\n\n\n<li>Speaker:\u00a0IPCC-resultaten i ett svenskt perspektiv, SMHI [Virtual, 15 September]<\/li>\n\n\n\n<li><strong>Keynote\u00a0<\/strong>Speaker: Austrian Development Agency Annual Conference [Vienna, 11 September]<\/li>\n\n\n\n<li>Speaker: Public Lecture, ZEF [Bonn, 7 September]<\/li>\n\n\n\n<li>Speaker:<strong>\u00a0<\/strong>Danida Council for Development Policy annual meeting [Virtual, 31 August]<\/li>\n\n\n\n<li>Speaker:<strong>\u00a0<\/strong>UNFCCC SB58 Research Dialogue [Bonn, 8 June 2023]<\/li>\n\n\n\n<li><strong>Keynote<\/strong>\u00a0Speaker: BMZ Expert Meeting in conjunction with SB58 [Bonn, 7 June]<\/li>\n\n\n\n<li>Speaker: Brown Bag lunch, IDOS [Bonn, 24 May]<\/li>\n\n\n\n<li><strong>Keynote\u00a0<\/strong>Speaker: JURSE 2023 [Virtual: 18 May]<\/li>\n\n\n\n<li><strong>Keynote\u00a0<\/strong>Speaker: Albert, Norma and Howard \u201977 Geller Lecture, Clark University [Worcester, MA: 30 March]<\/li>\n\n\n\n<li>Panellist: IPCC WGII Presentation to UNFCCC Workshop on Global Goal on Adaptation [Virtual: 20 March]<\/li>\n\n\n\n<li>Discussant: OECD Development Assistance Committee, Community of Practice on Poverty and Inequalities\u00a0[online, 16 March]<\/li>\n\n\n\n<li><strong>Keynote\u00a0<\/strong>Speaker: British High Commission\u2019s\u00a0Accelerating Climate Action through Climate Science [Kuala Lumpur: 23 February]<\/li>\n\n\n\n<li>Panellist: Nachhaltigkeitsforschung in der Krise?, Tagung Neue Kulturgeographie [Halle, 27 January]<\/li>\n\n\n\n<li>Speaker: Oxford Climate Journalism Network, 3<sup>rd<\/sup>\u00a0Cohort, \u2018What is Climate Change and Why does it Matter?\u2019 [online, 12 January]<\/li>\n<\/ul>\n\n\n\n<p><strong><em>2022<\/em><\/strong><\/p>\n\n\n\n<ul class=\"wp-block-list\">\n<li>Panellist: <a href=\"https:\/\/www.tokyoforum.tc.u-tokyo.ac.jp\/en\/event\/2022_tokyo_forum.html\">Tokyo Forum<\/a>, \u2018Complex Challenges of Security and Climate Change: Understanding Interconnections and Charting Future Responses\u2019 [hybrid, 2 December 2022]<\/li>\n\n\n\n<li>COP27 Events: IPCC Adaptation Mandated Event [8 Nov], SDG Pavilion Event [8 Nov], Climate Honesty Event [9 Nov], CRD IPCC Event [9 Nov], 10 NICS Press Conference [10 Nov], Water Pavilion Event [10 Nov], IPCC Gender Justice Event [11 Nov], SDG Event [14 Nov], COP27 Gender Event [14 Nov], SIPRI Event [16 Nov; online]<\/li>\n\n\n\n<li>Panellist: Dickinson IPCC Climate Symposium, Virtual, \u2018Just Transitions\u2019 [online, 26 October 2022]<\/li>\n\n\n\n<li>Panellist: Anniversary event, SEI Oxford, \u2018The Future of Adaptation\u2019 [Oxford, 29 September 2022]<\/li>\n\n\n\n<li><strong>Keynote<\/strong>\u00a0Speaker: Swedish Development Research Conference: Transforming development research for sustainability [Uppsala, August 2022]<\/li>\n\n\n\n<li><strong>Keynote\u00a0<\/strong>Speaker: \u2018Religion in an unstable world: challenges, transformations, and future prospects\u2019, [Groningen; online, July 2022]<\/li>\n\n\n\n<li><strong>Keynote\u00a0<\/strong>Speaker: \u2018Utopias and Dystopias of Global Development: Labor, Migration and the Anthropocene\u2019 [Vienna, 17 June 2022]<\/li>\n\n\n\n<li>Panellist: \u2018IPCC AR6 Key findings\u2019 presentation to NORAD [online, 23 May 2022]<\/li>\n\n\n\n<li>Panellist: \u2018Climate Resilient Development\u2019 High-Level Dialogue on Re-examining Resilience Building in Africa [online, 23 May 2022]<\/li>\n\n\n\n<li>Panellist: \u2018The path towards COP 27: Gender Equality and Climate Change\u2019 COP27 Presidency [online, 16 May 2022]<\/li>\n\n\n\n<li>Panellist: \u2018Do we need Climate Change\u2019s IPCC?\u2019 UK Alliance for Disaster Research [online, 12 May 2022]<\/li>\n\n\n\n<li>Panellist: \u2018Climate Resilient Development in Africa: Responding to the IPCC Report on Adaptation to Climate Change\u2019 World Bank [online, 9 May 2022]<\/li>\n\n\n\n<li>Speaker: \u2018\u00c4r det m\u00f6jligt att \u00e5stadkomma klimatresilient utveckling f\u00f6r alla?\u2019\u00a0SMHI [online, 4 May 2022]<\/li>\n\n\n\n<li><strong>Keynote<\/strong>\u00a0Speaker: \u2018Swedish research and innovation conference on adaptation\u2019 [Online 19 April 2022]<\/li>\n\n\n\n<li>Panellist: UNDP-Habitat \u2018Findings of the IPCC 6th Assessment Report: Impacts, Adaptation and Vulnerability &#8211; Implications for urban programming and action\u2019 7 April 2022 [online]<\/li>\n\n\n\n<li>Speaker: Sida Brown Bag Lunch \u2018Climate Resilient Development Pathways\u2019, Sida, 6 April 2022 [online]<\/li>\n\n\n\n<li>Panellist: Turning Science into Action: Adaptation Action Coalition, WRI, 23 March 2022 [online]<\/li>\n\n\n\n<li>Panellist: Global Forum on the Environment and Climate Change, OECD\/IEA Climate Change Expert Group (CCXG), 23 March 2022 [online]<\/li>\n\n\n\n<li><strong>Keynote<\/strong>\u00a0Speaker: Women* in Climate Action Brunch [Vienna, 7 March 2022]<\/li>\n\n\n\n<li>Panellist: Journal Editor Roundtable, Sustainability and Development Conference, January 2022 [online]<strong>January<\/strong>: Panellist: Journal Editor Roundtable, Sustainability and Development Conference, January 2022 [online] <\/li>\n\n\n\n<li><\/li>\n<\/ul>\n\n\n\n<p><strong><em>2021<\/em><\/strong><\/p>\n\n\n\n<ul class=\"wp-block-list\">\n<li><strong>9 December<\/strong>: Climate Change and Climate Crisis, University of Vienna<\/li>\n\n\n\n<li><strong>30 November: <\/strong>Lecture in <a href=\"https:\/\/www.lse.ac.uk\/geography-and-environment\/research\/seminar-series\/social-life-of-climate-change\">Social Life of Climate Change<\/a> series (London School of Economics)<\/li>\n\n\n\n<li><strong>11 October: <\/strong>IPCC Panel, Oxford Climate Society, video available <a href=\"https:\/\/www.youtube.com\/watch?v=quBcj0d26PE\">here<\/a><\/li>\n\n\n\n<li><strong>5 October: <\/strong>\u2018Why vulnerability to climate change matters\u2019 Climate Change and Security training course, ESDC, adelphi, IHEDN [closed]<\/li>\n\n\n\n<li><strong>30 September: <\/strong>Exchange Forum on Climate Change Adaptation, GIZ [closed]<\/li>\n\n\n\n<li><strong>29 September: <\/strong>Why is maladaptation such an important concept?\u2019 B3C Seminar, available<a href=\"https:\/\/www.youtube.com\/watch?v=SqQXyha6sOA\"> here<\/a><\/li>\n\n\n\n<li><strong>17 September: <\/strong>Lecture for elective Resilience and Sustainable Development at <a href=\"https:\/\/www.lumes.lu.se\">LUMES<\/a> (Lund) (closed)<\/li>\n\n\n\n<li><strong>27 July: <\/strong><a href=\"https:\/\/www.chathamhouse.org\">Chatham House <\/a>Leadership Programme (closed)<\/li>\n\n\n\n<li><strong>20 July: <\/strong>Evidence for Action Symposium: Locally-led Adaptation panel with IIED and ICCCAD<\/li>\n\n\n\n<li><strong>28 June: <\/strong>Lecture for <a href=\"http:\/\/www.icccad.net\">ICCCAD<\/a><\/li>\n\n\n\n<li><strong>16 June: <\/strong>Panellist, <a href=\"https:\/\/www.ucl.ac.uk\/risk-disaster-reduction\/events\/2021\/jun\/irdr-humanitarian-summit-2021-interrogating-changing-risks\">IRDR Humanitarian Summit<\/a> (University College London)<\/li>\n\n\n\n<li><strong>4 June: <\/strong>Lecture, <a href=\"https:\/\/www.tsu.ox.ac.uk\/course\/\">Global Challenges in Transport <\/a>series (Transport Studies Unit, University of Oxford) (closed)<\/li>\n\n\n\n<li><strong>21 May:<\/strong> <a href=\"http:\/\/www.acdi.uct.ac.za\/transforming-social-inequalities-through-inclusive-climate-action-tsitica\">TSITICA<\/a> Webinar (University of Cape Town) &#8211; (open)<\/li>\n\n\n\n<li><strong>25 March:<\/strong> &#8216;Is a Green Recovery Inherently Fair?\u2019, launch of Green Recovery Now, Oxford University student organisation.<\/li>\n\n\n\n<li><strong>22 March: <\/strong>&#8216;When Waters Speak Valuing Water Through Art and Science\u2019, session \u2018Scientific Panel\u2019, organised by the Global Network of Water Museums for World Water Day 2021<\/li>\n\n\n\n<li><strong>16 March: <\/strong>Climate Futures: Youth Perspectives Conference, session: \u2018Adaptation &amp; Eco-anxiety\u2019, Cumberland Lodge conference<\/li>\n\n\n\n<li><strong>16 February: <\/strong>Understanding the influence of climate change on Justice and Home Affairs, session: &#8216;Climate change and the security of women and children&#8217;, European Border and Coast Guard Agency FRONTEX<\/li>\n\n\n\n<li><strong>11 February<\/strong>: Discussant, Podcast &#8216;<a href=\"https:\/\/cecmc.hypotheses.org\/60569\">Dieu n\u2019\u00e9tait pas endormi \u00e0 la barre.\u00a0Quand la ville br\u00fble, l\u2019\u00e9glise \u00e9vang\u00e9liste devient force politique<\/a>&#8216;<\/li>\n<\/ul>\n\n\n\n<p><em><strong>2020<\/strong><\/em><\/p>\n\n\n\n<ul class=\"wp-block-list\">\n<li><strong>19 November:<\/strong> Panellist \u2018Female Leaders in the Climate Movement\u2019 Panel organised by Rhodes Women and Gender Minorities and the Rhodes Environment and Climate Action Hub<\/li>\n\n\n\n<li><strong>24 September: <\/strong>Panellist: \u2018Researching resilience during the COVID-19 Pandemic,\u2019 Seminar on the GCRF Resilience theme<\/li>\n\n\n\n<li><strong>28 April: <\/strong>Panellist: \u2018Aid in times of a changing climate\u2019, Seminar on Swedish CCI evaluation outcome, EBA:<\/li>\n\n\n\n<li><strong>6 March 2020: <\/strong>Speaker: \u2018Political Ecology of Gender in the Climate Crisis\u2019, Oxford Feminist Thinking Seminars, University of Oxford<\/li>\n\n\n\n<li><strong>4 March 2020: <\/strong>Panellist:\u00a0#FridaysForFuture &amp; Extinction Rebellion: How should the Scientific Community engage?, University of Oxford<\/li>\n\n\n\n<li><strong>17 February 2020: <\/strong>Panellist: Climate Resilience, Water Security and Development workshop, University of Oxford<\/li>\n\n\n\n<li><strong>17 February: <\/strong>Panellist: \u2018Women &amp; Climate Change: the forgotten solution\u2019, UN Women Oxford<\/li>\n<\/ul>\n\n\n\n<p class=\"has-vivid-cyan-blue-color has-text-color\"><\/p>\n\n\n\n<p class=\"has-black-color has-text-color\"><\/p>\n","protected":false},"excerpt":{"rendered":"<p>Podcasts: Podcast, Hypothese, Uni Bonn, 6 March 2025 Podcast, Update Klima &amp; Energie, June 2024 (in German) Podcast, Capital Musings: Women and Girls at the Climate Change Frontline, January 2024 Podcast, ClimateOptimists, October 2023 Podcast, Klimatpodden, Avsnitt 98, 5 December [&hellip;]<\/p>\n","protected":false},"author":1,"featured_media":0,"parent":0,"menu_order":0,"comment_status":"closed","ping_status":"closed","template":"","meta":{"footnotes":""},"class_list":["post-119","page","type-page","status-publish","hentry","clearfix"],"_links":{"self":[{"href":"http:\/\/climate-adaptation.info\/index.php?rest_route=\/wp\/v2\/pages\/119","targetHints":{"allow":["GET"]}}],"collection":[{"href":"http:\/\/climate-adaptation.info\/index.php?rest_route=\/wp\/v2\/pages"}],"about":[{"href":"http:\/\/climate-adaptation.info\/index.php?rest_route=\/wp\/v2\/types\/page"}],"author":[{"embeddable":true,"href":"http:\/\/climate-adaptation.info\/index.php?rest_route=\/wp\/v2\/users\/1"}],"replies":[{"embeddable":true,"href":"http:\/\/climate-adaptation.info\/index.php?rest_route=%2Fwp%2Fv2%2Fcomments&post=119"}],"version-history":[{"count":35,"href":"http:\/\/climate-adaptation.info\/index.php?rest_route=\/wp\/v2\/pages\/119\/revisions"}],"predecessor-version":[{"id":367,"href":"http:\/\/climate-adaptation.info\/index.php?rest_route=\/wp\/v2\/pages\/119\/revisions\/367"}],"wp:attachment":[{"href":"http:\/\/climate-adaptation.info\/index.php?rest_route=%2Fwp%2Fv2%2Fmedia&parent=119"}],"curies":[{"name":"wp","href":"https:\/\/api.w.org\/{rel}","templated":true}]}}